{"id":69,"date":"2011-09-30T14:08:25","date_gmt":"2011-09-30T12:08:25","guid":{"rendered":"http:\/\/paciorek.org\/bitwa\/?page_id=69"},"modified":"2012-03-26T09:18:49","modified_gmt":"2012-03-26T07:18:49","slug":"ksiega-gosci","status":"publish","type":"page","link":"https:\/\/www.bitwanadbzura.pl\/?page_id=69","title":{"rendered":"Ksi\u0119ga Go\u015bci"},"content":{"rendered":"<p>w\u0142a\u015bciciel: fred.nowinski@op.pl<\/p>\n<p>nazwisko: Paulina<\/p>\n<p>e-mail: biuro@aloes-uroda.pl<\/p>\n<p>www: www.aloes-uroda.pl<\/p>\n<p>tre\u015b\u0107: Wszystkiego dobrego<\/p>\n<p>kiedy: 2012\/01\/16 01:27:09<\/p>\n<p>&nbsp;<\/p>\n<p>nazwisko: Sebastian Kuku\u0142a<\/p>\n<p>e-mail: jedna_brew@poczta.fm<\/p>\n<p>www:<\/p>\n<p>tre\u015b\u0107: bardzo dobra strona, pozdrawiam serdecznie.<\/p>\n<p>kiedy: 2011\/11\/03 08:29:28<\/p>\n<p>&nbsp;<\/p>\n<p>nazwisko: strz. J\u00f3zef B<\/p>\n<p>e-mail: mark67@onet.eu<\/p>\n<p>www:<\/p>\n<p>tre\u015b\u0107: Bardzo mnie zainteresowa\u0142a ta strona,Bitwy Nad BZUROM.M\u00f3j dziadek bra\u0142 udzial w walkach nad Bzurom ,by\u0142 \u017co\u0142nierzem rezerwy 10 pp z \u0141OWICZA .Opowiada\u0142 jakie prze\u017cyli tam piek\u0142o .Ja mam pytanie mo\u017ce ktos wie kt\u00f3ry batalion czy kompania z 10pp by\u0142a utworzona z rezerwist\u00f3w .marek.<\/p>\n<p>kiedy: 2011\/02\/14 23:27:37<\/p>\n<p>&nbsp;<\/p>\n<p>nazwisko: Magdalena Nowi\u0144ska-Spychaj<\/p>\n<p>e-mail: m.nowinska.spychaj@o2.pl<\/p>\n<p>www:<\/p>\n<p>tre\u015b\u0107: Wspania\u0142a strona ! Gratuluje pomys\u0142u i ogromu pracy ! Na wiosn\u0119 planuj\u0119 wypraw\u0119 na cmentarz w Rybnie, pragn\u0119 odwiedzi\u0107 te\u017c Bronis\u0142awy (miejsce gdzie poleg\u0142 m\u00f3j pradziadek), z pewno\u015bci\u0105 nie omin\u0119 tak\u017ce Koz\u0142owa Szlacheckiego. Pozdrawiam i jeszcze raz gratuluj\u0119 !<\/p>\n<p>kiedy: 2011\/01\/03 21:01:09<\/p>\n<p>&nbsp;<\/p>\n<p>nazwisko: R.J\u00f3\u017awiak, St.Trad.37pp<\/p>\n<p>e-mail:<\/p>\n<p>www:<\/p>\n<p>tre\u015b\u0107: Gratuluj\u0119 autorowi strony &#8211; strona jest znakomita! Warto pomy\u015ble\u0107 o wydaniu ksi\u0105\u017cki dot. 26 DP, w tym szczeg\u00f3lnie bliskiemu mi 37 pp. Dziekuj\u0119 te\u017c Spo\u0142. Komitetowi za pi\u0119kn\u0105 uroczysto\u015b\u0107 dn.16.wrze\u015bnia.<\/p>\n<p>kiedy: 2009\/09\/25 18:31:25<\/p>\n<p>&nbsp;<\/p>\n<p>nazwisko: \u017baneta Czy\u017cniewska<\/p>\n<p>e-mail:<\/p>\n<p>www:<\/p>\n<p>tre\u015b\u0107: Jako mi\u0142o\u015bniczka historii lokalnej dzi\u0119kuj\u0119 za stworzenie tak dobrze prezentuj\u0105cej histori\u0119 strony. Dzi\u0119kuj\u0119 r\u00f3wnie\u017c za pi\u0119kn\u0105 i udan\u0105 uroczysto\u015b\u0107<\/p>\n<p>kiedy: 2009\/09\/18 07:11:32<\/p>\n<p>&nbsp;<\/p>\n<p>nazwisko: osiecki<\/p>\n<p>e-mail: posiecki@powiat.sochaczew.pl<\/p>\n<p>www:<\/p>\n<p>tre\u015b\u0107: Panie Alfredzie. Jeszcze raz dzi\u0119kuj\u0119 za zaproszenie na t\u0119 pi\u0119kn\u0105 uroczysto\u015b\u0107, kt\u00f3ra odby\u0142a si\u0119 w dniu dzisiejszym. By\u0142a to wzruszaj\u0105ca lekcja patriotyzmu i historii. Piotr Osiecki.<\/p>\n<p>kiedy: 2009\/09\/16 15:28:03<\/p>\n<p>&nbsp;<\/p>\n<p>nazwisko: Marek Drabik<\/p>\n<p>e-mail: marek.drabik@neostrada.pl<\/p>\n<p>www: www.bedlno.com.pl<\/p>\n<p>tre\u015b\u0107: Brawo! dzi\u0119ki takim ludziom i takim dzia\u0142aniom powstaje co\u015b autentycznego bez koniunktury. Kto\u015b musi przeciera\u0107 szlak. W razie potrzby na mnie mo\u017cna liczy\u0107! &#8211; Marek Drabik<\/p>\n<p>kiedy: 2009\/08\/22 09:17:11<\/p>\n<p>&nbsp;<\/p>\n<p>nazwisko: Lidia Legenza<\/p>\n<p>e-mail:<\/p>\n<p>www:<\/p>\n<p>tre\u015b\u0107: Podziwiam pana,pi\u0119knie opisana strona,gratulacje;<\/p>\n<p>kiedy: 2009\/08\/04 19:58:18<\/p>\n<p>&nbsp;<\/p>\n<p>nazwisko: siekiera robert<\/p>\n<p>e-mail: robert_siekiera@wp.pl<\/p>\n<p>www:<\/p>\n<p>tre\u015b\u0107: Panie Fredku jestem pe\u0142en uznania dla Pana i pracy kt\u00f3r\u0105 pan w\u0142o\u017cy\u0142 aby ta strona powsta\u0142a. Mam nadzieje \u017ce ta strona przetrwa jak najd\u0142u\u017cej. Gratuluje.<\/p>\n<p>kiedy: 2009\/05\/30 13:15:03<\/p>\n<p>&nbsp;<\/p>\n<p>nazwisko: Tuszy\u0144ski<\/p>\n<p>e-mail:<\/p>\n<p>www:<\/p>\n<p>tre\u015b\u0107: Dzi\u0119kuj\u0119 Ci Fredziu.<\/p>\n<p>kiedy: 2009\/05\/25 14:45:14<\/p>\n<p>&nbsp;<\/p>\n<p>nazwisko: Bruno e Giovanna Longhi<\/p>\n<p>e-mail: giovanna.crescimbeni@alice.it<\/p>\n<p>www:<\/p>\n<p>tre\u015b\u0107: Complimenti per il suo lavoro.Mi dispiace di non sapere leggere il polacco!! Molti cordiali saluti Giovanna<\/p>\n<p>kiedy: 2009\/04\/27 21:53:06<\/p>\n<p>&nbsp;<\/p>\n<p>nazwisko: Jolanta Gwardecka<\/p>\n<p>e-mail: jolkagwardecka@wp.pl<\/p>\n<p>www:<\/p>\n<p>tre\u015b\u0107: Obejrza\u0142am stronk\u0119 z mam\u0105,uwa\u017cam ,\u017ce to bardzo ciekawe przedsi\u0119wzi\u0119cie.Ale nie zaskoczy\u0142 mnie Pan,zawsze uwa\u017ca\u0142am,\u017ce Nowi\u0144ski<\/p>\n<p>kiedy: 2009\/04\/27 20:49:45<\/p>\n<p>&nbsp;<\/p>\n<p>nazwisko: Krystyna i Eugeniusz Bieleccy<\/p>\n<p>e-mail:<\/p>\n<p>www:<\/p>\n<p>tre\u015b\u0107: Gratulacje Fredku za wyj\u0105tkowo udan\u0105 stron\u0119 internetow\u0105. Wida\u0107, \u017ce w\u0142o\u017cy\u0142e\u015b du\u017co pracy-efekt jest \u015bwietny. Pomy\u015bl nad rozwini\u0119ciem strony jako kroniki Koz\u0142owa Szlacheckiego pi\u0119knej mazowieckiej wsi.<\/p>\n<p>kiedy: 2009\/04\/27 20:22:00<\/p>\n<p>&nbsp;<\/p>\n<p>nazwisko: kozbuch<\/p>\n<p>e-mail: mirek _sad@op.pl<\/p>\n<p>www:<\/p>\n<p>tre\u015b\u0107: dzi\u0119kujemy Panie Nowi\u0144ski.<\/p>\n<p>kiedy: 2009\/04\/26 18:58:45<\/p>\n<p>&nbsp;<\/p>\n<p>nazwisko: Zbigniew Pigula<\/p>\n<p>e-mail:<\/p>\n<p>www:<\/p>\n<p>tre\u015b\u0107: Gratuluj\u0119 obszernej i \u015bwietnie przygotowanej strony! Koz\u0142\u00f3w i okolice, a szczeg\u00f3lnie szko\u0142a podstawowa to dla mnie miejsce beztroskiego dzieci\u0144stwa, stawiania pierwszych krok\u00f3w oraz wielu kolorowych i wspania\u0142ych wspomnie\u0144. Od prawie 20 lat mieszkam na drugim ko\u0144cu \u015bwiata, ale z wielkim sentymentem wracam my\u015blami do tego miejsca i do ludzi kt\u00f3rzy tam pozostali . Jestem przekonany \u017ce strona ta, cho\u0107 zasadniczo po\u015bwiecona Bitwie na Bzur\u0105, stanie si\u0119 r\u00f3wnie\u017c doskona\u0142\u0105 okazj\u0105 do opisywania wydarze\u0144 lokalnych. Dzi\u0119kuje za t\u0119 urocz\u0105 podr\u00f3\u017c po wczorajszym i dzisiejszym Koz\u0142owie i okolicach. Mam nadziej\u0119 \u017ce uda mi si\u0119 tam by\u0107 osobi\u015bcie, odwiedzi\u0107 bliskich i znane miejsca. Dzi\u0119kuje i pozdrawiam Zbyszek<\/p>\n<p>kiedy: 2009\/04\/26 06:10:50<\/p>\n<p>&nbsp;<\/p>\n<p>nazwisko: Wieczorek Micha\u0142<\/p>\n<p>e-mail: wiemi@o2.pl<\/p>\n<p>www:<\/p>\n<p>tre\u015b\u0107: Wyra\u017cam uznanie dla Pana za wk\u0142ad i zaanga\u017cowanie osobiste w przypomnienie i ukazanie mo\u017ce niewielkiego epizodu Wojny Obronnej we wrze\u015bniu 1939r , ale jak\u017ce wa\u017cnego dla nas mieszka\u0144c\u00f3w okolic gdzie by\u0142a przelana krew Obro\u0144c\u00f3w Ojczyzny.Informacje tu zawarte to cze\u015b\u0107 historii kt\u00f3r\u0105 widzieli nasi ojcowie ,a my st\u0105pamy po tej ziemi (dos\u0142ownie) za kt\u00f3r\u0105 oddali \u017cycie \u017bo\u0142nierze 26DP Armi &#8222;Pomorze&#8221;, winni\u015bmy o nich pami\u0119ta\u0107.By\u0107 mo\u017ce wiedza lub informacje os\u00f3b kt\u00f3re b\u0119d\u0105 czyta\u0107 t\u0105 stronk\u0119 r\u00f3\u017cni\u0105 si\u0119 nieco od tu przytoczonych, ale ja jako mieszkaj\u0105cy w pobli\u017cu Miejsca Pami\u0119ci w Debsku Nowym, wiem \u017ce Pan A. Nowi\u0144ski do\u0142o\u017cy\u0142 wszelkich stara\u0144 by informacje by\u0142y jak najbardziej bliskie fakt\u00f3w. Dzi\u0119kuj\u0119 Panie Alfredzie<\/p>\n<p>kiedy: 2009\/04\/19 14:29:46<\/p>\n<p>&nbsp;<\/p>\n<p>&nbsp;<\/p>\n<p>&nbsp;<\/p>\n<p>&nbsp;<\/p>\n<p>&nbsp;<\/p>\n<p>&nbsp;<\/p>\n<p>&nbsp;<\/p>\n<p>&nbsp;<\/p>\n<p>&nbsp;<\/p>\n<p>&nbsp;<\/p>\n<p>&nbsp;<\/p>\n<p>&nbsp;<\/p>\n","protected":false},"excerpt":{"rendered":"<p>w\u0142a\u015bciciel: fred.nowinski@op.pl nazwisko: Paulina e-mail: biuro@aloes-uroda.pl www: www.aloes-uroda.pl tre\u015b\u0107: Wszystkiego dobrego kiedy: 2012\/01\/16 01:27:09 &nbsp; nazwisko: Sebastian Kuku\u0142a e-mail: jedna_brew@poczta.fm www: tre\u015b\u0107: bardzo dobra strona, pozdrawiam serdecznie. kiedy: 2011\/11\/03 08:29:28 &nbsp; nazwisko: strz. J\u00f3zef B e-mail: mark67@onet.eu www: tre\u015b\u0107: Bardzo mnie zainteresowa\u0142a ta strona,Bitwy Nad BZUROM.M\u00f3j dziadek bra\u0142 udzial w walkach nad Bzurom ,by\u0142 \u017co\u0142nierzem [&hellip;]<\/p>\n","protected":false},"author":1,"featured_media":0,"parent":0,"menu_order":0,"comment_status":"open","ping_status":"open","template":"","meta":{"footnotes":""},"class_list":["post-69","page","type-page","status-publish","hentry"],"_links":{"self":[{"href":"https:\/\/www.bitwanadbzura.pl\/index.php?rest_route=\/wp\/v2\/pages\/69","targetHints":{"allow":["GET"]}}],"collection":[{"href":"https:\/\/www.bitwanadbzura.pl\/index.php?rest_route=\/wp\/v2\/pages"}],"about":[{"href":"https:\/\/www.bitwanadbzura.pl\/index.php?rest_route=\/wp\/v2\/types\/page"}],"author":[{"embeddable":true,"href":"https:\/\/www.bitwanadbzura.pl\/index.php?rest_route=\/wp\/v2\/users\/1"}],"replies":[{"embeddable":true,"href":"https:\/\/www.bitwanadbzura.pl\/index.php?rest_route=%2Fwp%2Fv2%2Fcomments&post=69"}],"version-history":[{"count":3,"href":"https:\/\/www.bitwanadbzura.pl\/index.php?rest_route=\/wp\/v2\/pages\/69\/revisions"}],"predecessor-version":[{"id":586,"href":"https:\/\/www.bitwanadbzura.pl\/index.php?rest_route=\/wp\/v2\/pages\/69\/revisions\/586"}],"wp:attachment":[{"href":"https:\/\/www.bitwanadbzura.pl\/index.php?rest_route=%2Fwp%2Fv2%2Fmedia&parent=69"}],"curies":[{"name":"wp","href":"https:\/\/api.w.org\/{rel}","templated":true}]}}